{"id":341,"date":"2017-03-14T02:54:02","date_gmt":"2017-03-14T02:54:02","guid":{"rendered":"https:\/\/demo.themesquare.com\/kreativ\/?page_id=341"},"modified":"2024-05-06T09:53:08","modified_gmt":"2024-05-06T09:53:08","slug":"trabajos-realizados","status":"publish","type":"page","link":"https:\/\/grupoherrera.es\/carpinteria-metalica\/trabajos-realizados\/","title":{"rendered":"Trabajos realizados"},"content":{"rendered":"\n[et_pb_section fb_built=\u00bb1&#8243; _builder_version=\u00bb4.25.0&#8243; background_color=\u00bb#dd1c1c\u00bb custom_padding=\u00bb0px||0px|||\u00bb hover_enabled=\u00bb0&#8243; global_colors_info=\u00bb{}\u00bb module_class=\u00bbfranjaroja\u00bb sticky_enabled=\u00bb0&#8243;][et_pb_row _builder_version=\u00bb4.16&#8243; background_size=\u00bbinitial\u00bb background_position=\u00bbtop_left\u00bb background_repeat=\u00bbrepeat\u00bb global_colors_info=\u00bb{}\u00bb][et_pb_column type=\u00bb4_4&#8243; _builder_version=\u00bb4.16&#8243; custom_padding=\u00bb|||\u00bb global_colors_info=\u00bb{}\u00bb custom_padding__hover=\u00bb|||\u00bb][et_pb_text _builder_version=\u00bb4.20.4&#8243; _module_preset=\u00bbdefault\u00bb global_colors_info=\u00bb{}\u00bb]<div class=\"fl-module fl-module-heading fl-node-5f9f0bb42ac66\" data-node=\"5f9f0bb42ac66\">\n<div class=\"fl-module-content fl-node-content\"><\/div>\n<\/div>\n<div class=\"fl-col-group fl-node-5f9f0bb42ac67 fl-col-group-nested\" data-node=\"5f9f0bb42ac67\">\n<div class=\"fl-col fl-node-5f9f0bb42ac68\" data-node=\"5f9f0bb42ac68\">\n<div class=\"fl-col-content fl-node-content\">\n<div class=\"fl-module fl-module-rich-text fl-node-5f9f0bb42ac69\" data-node=\"5f9f0bb42ac69\">\n<div class=\"fl-module-content fl-node-content\">\n<div class=\"fl-rich-text\"><\/div>\n<\/div>\n<\/div>\n<\/div>\n<\/div>\n<\/div>\n<div class=\"fl-module fl-module-heading fl-node-5f9f0bb42ac66\" data-node=\"5f9f0bb42ac66\">\n<div class=\"fl-module-content fl-node-content\">\n<h1 class=\"fl-heading\"><span class=\"fl-heading-text\" style=\"color: #ffffff;\">Trabajos realizados\u00a0<\/span><\/h1>\n<\/div>\n<\/div>\n<div class=\"fl-col-group fl-node-5f9f0bb42ac67 fl-col-group-nested\" data-node=\"5f9f0bb42ac67\">\n<div class=\"fl-col fl-node-5f9f0bb42ac68\" data-node=\"5f9f0bb42ac68\">\n<div class=\"fl-col-content fl-node-content\">\n<div class=\"fl-module fl-module-rich-text fl-node-5f9f0bb42ac69\" data-node=\"5f9f0bb42ac69\">\n<div class=\"fl-module-content fl-node-content\">\n<div class=\"fl-rich-text\">\n<p>&nbsp;<\/p>\n<\/div>\n<\/div>\n<\/div>\n<\/div>\n<\/div>\n<\/div>[\/et_pb_text][\/et_pb_column][\/et_pb_row][\/et_pb_section][et_pb_section fb_built=\u00bb1&#8243; _builder_version=\u00bb4.16&#8243; global_colors_info=\u00bb{}\u00bb][et_pb_row _builder_version=\u00bb4.20.4&#8243; _module_preset=\u00bbdefault\u00bb custom_margin=\u00bb-14px|auto||auto||\u00bb global_colors_info=\u00bb{}\u00bb][et_pb_column type=\u00bb4_4&#8243; _builder_version=\u00bb4.20.4&#8243; _module_preset=\u00bbdefault\u00bb global_colors_info=\u00bb{}\u00bb][et_pb_text _builder_version=\u00bb4.21.0&#8243; _module_preset=\u00bbdefault\u00bb global_colors_info=\u00bb{}\u00bb]<p>En Grupo Herrera te ofrecemos un<strong>\u00a0trabajo integral y totalmente personalizado, adecuado a tus necesidades y presupuesto.<\/strong><\/p>\n<p>Disponemos de\u00a0<strong>arquitecto<\/strong>\u00a0para realizar cualquier proyecto o reforma, as\u00ed como de\u00a0<strong>personal cualificado<\/strong>\u00a0en diferentes profesiones, con una gran experiencia en cada oficio,\u00a0<strong>alba\u00f1iler\u00eda, fontaner\u00eda, cerrajer\u00eda met\u00e1lica.<\/strong><\/p>\n<p>Nuestro gran reto es ofrecer\u00a0<strong>calidad y servicio al mejor precio<\/strong>\u00a0y con una atenci\u00f3n personalizada.<\/p>\n<p>Trabajamos con grandes marcas en PVC como\u00a0<strong>K\u00d6MMERLING<\/strong>\u00a0O\u00a0<strong>SALAMANDER<\/strong>\u00a0entre otras.<\/p>[\/et_pb_text][et_pb_divider _builder_version=\u00bb4.20.4&#8243; _module_preset=\u00bbdefault\u00bb global_colors_info=\u00bb{}\u00bb][\/et_pb_divider][et_pb_text _builder_version=\u00bb4.25.0&#8243; _module_preset=\u00bbdefault\u00bb global_colors_info=\u00bb{}\u00bb]<h3>Casas modulares<\/h3>\n<p>&nbsp;<\/p>\n<p>Alojamientos tur\u00edsticos rurales en Graus (Huesca)<\/p>[\/et_pb_text][\/et_pb_column][\/et_pb_row][et_pb_row _builder_version=\u00bb4.20.4&#8243; _module_preset=\u00bbdefault\u00bb global_colors_info=\u00bb{}\u00bb][et_pb_column type=\u00bb4_4&#8243; _builder_version=\u00bb4.20.4&#8243; _module_preset=\u00bbdefault\u00bb global_colors_info=\u00bb{}\u00bb][et_pb_gallery gallery_ids=\u00bb2911,2912,2913,2914,2915&#8243; show_title_and_caption=\u00bboff\u00bb _builder_version=\u00bb4.25.0&#8243; _module_preset=\u00bbdefault\u00bb global_colors_info=\u00bb{}\u00bb][\/et_pb_gallery][et_pb_divider _builder_version=\u00bb4.20.4&#8243; _module_preset=\u00bbdefault\u00bb global_colors_info=\u00bb{}\u00bb][\/et_pb_divider][\/et_pb_column][\/et_pb_row][et_pb_row _builder_version=\u00bb4.20.4&#8243; _module_preset=\u00bbdefault\u00bb global_colors_info=\u00bb{}\u00bb][et_pb_column type=\u00bb4_4&#8243; _builder_version=\u00bb4.20.4&#8243; _module_preset=\u00bbdefault\u00bb global_colors_info=\u00bb{}\u00bb][et_pb_text _builder_version=\u00bb4.21.0&#8243; _module_preset=\u00bbdefault\u00bb global_colors_info=\u00bb{}\u00bb]<h3>Reformas Integrales<\/h3>\n<p>&nbsp;<\/p>\n<p>En platos de ducha y mamparas con marcas tan reconocidas como\u00a0<strong>PROFILTEK<\/strong>\u00a0O\u00a0<strong>PORCELANOSA<\/strong><\/p>[\/et_pb_text][et_pb_gallery gallery_ids=\u00bb1387,1384,1383,1385,1386,1374,2424,2425,2426,2427,2428,2429,2431,2432,2433,2430&#8243; show_title_and_caption=\u00bboff\u00bb _builder_version=\u00bb4.20.4&#8243; _module_preset=\u00bbdefault\u00bb global_colors_info=\u00bb{}\u00bb][\/et_pb_gallery][\/et_pb_column][\/et_pb_row][et_pb_row _builder_version=\u00bb4.20.4&#8243; _module_preset=\u00bbdefault\u00bb global_colors_info=\u00bb{}\u00bb][et_pb_column type=\u00bb4_4&#8243; _builder_version=\u00bb4.20.4&#8243; _module_preset=\u00bbdefault\u00bb global_colors_info=\u00bb{}\u00bb][et_pb_divider _builder_version=\u00bb4.20.4&#8243; _module_preset=\u00bbdefault\u00bb global_colors_info=\u00bb{}\u00bb][\/et_pb_divider][et_pb_text _builder_version=\u00bb4.20.4&#8243; _module_preset=\u00bbdefault\u00bb global_colors_info=\u00bb{}\u00bb]<h3>Puertas y Garajes<\/h3>\n<p>&nbsp;<\/p>\n<p>En Puertas seccionales ,met\u00e1licas, para comercio o garaje, automatismos ,disponemos de las prestigiosas marcas de<span>\u00a0<\/span><strong>RUTALCHI<\/strong><span>\u00a0<\/span>as\u00ed como<span>\u00a0<\/span><strong>H\u00d6RMANN<\/strong>.<\/p>[\/et_pb_text][\/et_pb_column][\/et_pb_row][et_pb_row _builder_version=\u00bb4.20.4&#8243; _module_preset=\u00bbdefault\u00bb global_colors_info=\u00bb{}\u00bb][et_pb_column type=\u00bb4_4&#8243; _builder_version=\u00bb4.20.4&#8243; _module_preset=\u00bbdefault\u00bb global_colors_info=\u00bb{}\u00bb][et_pb_gallery gallery_ids=\u00bb2460,2464,2465,2451,2452,2461,2458,2459,2454,2456,2462,2453,2463,2466,2448,2449,2455,2450,2561,2560,2562,2563,2565,1377,1375,1379,1380&#8243; show_title_and_caption=\u00bboff\u00bb _builder_version=\u00bb4.21.0&#8243; _module_preset=\u00bbdefault\u00bb global_colors_info=\u00bb{}\u00bb][\/et_pb_gallery][\/et_pb_column][\/et_pb_row][et_pb_row _builder_version=\u00bb4.20.4&#8243; _module_preset=\u00bbdefault\u00bb global_colors_info=\u00bb{}\u00bb][et_pb_column type=\u00bb4_4&#8243; _builder_version=\u00bb4.20.4&#8243; _module_preset=\u00bbdefault\u00bb global_colors_info=\u00bb{}\u00bb][et_pb_divider _builder_version=\u00bb4.20.4&#8243; _module_preset=\u00bbdefault\u00bb global_colors_info=\u00bb{}\u00bb][\/et_pb_divider][et_pb_text _builder_version=\u00bb4.21.0&#8243; _module_preset=\u00bbdefault\u00bb global_colors_info=\u00bb{}\u00bb]<h3>Verjas, vallas perimetrales<\/h3>\n<p>&nbsp;<\/p>\n<p>Vallado de fincas en\u00a0<strong>diferentes materiales<\/strong>, plastificadas, galvanizadas, a precios muy competitivos.<\/p>\n<p>Cerramientos de aluminio con grandes marcas del sector\u00a0<strong>C3 SYSTEM<\/strong>\u00a0o\u00a0<strong>ALUVAL,<\/strong>\u00a0entre otros.<\/p>\n<p><strong>Cortinas de cristal de fabricaci\u00f3n propia,<\/strong>\u00a0a\u00a0medida, con montaje limpio y profesional<\/p>[\/et_pb_text][\/et_pb_column][\/et_pb_row][et_pb_row _builder_version=\u00bb4.20.4&#8243; _module_preset=\u00bbdefault\u00bb global_colors_info=\u00bb{}\u00bb][et_pb_column type=\u00bb4_4&#8243; _builder_version=\u00bb4.20.4&#8243; _module_preset=\u00bbdefault\u00bb global_colors_info=\u00bb{}\u00bb][et_pb_gallery gallery_ids=\u00bb1378,2435,2436,2491,2492,2566,2567&#8243; show_title_and_caption=\u00bboff\u00bb _builder_version=\u00bb4.21.0&#8243; _module_preset=\u00bbdefault\u00bb global_colors_info=\u00bb{}\u00bb][\/et_pb_gallery][\/et_pb_column][\/et_pb_row][et_pb_row _builder_version=\u00bb4.20.4&#8243; _module_preset=\u00bbdefault\u00bb global_colors_info=\u00bb{}\u00bb][et_pb_column type=\u00bb4_4&#8243; _builder_version=\u00bb4.20.4&#8243; _module_preset=\u00bbdefault\u00bb global_colors_info=\u00bb{}\u00bb][et_pb_divider _builder_version=\u00bb4.20.4&#8243; _module_preset=\u00bbdefault\u00bb global_colors_info=\u00bb{}\u00bb][\/et_pb_divider][et_pb_text _builder_version=\u00bb4.20.4&#8243; _module_preset=\u00bbdefault\u00bb global_colors_info=\u00bb{}\u00bb]<h3>Porches, estructuras, naves industriales<\/h3>\n<p>&nbsp;<\/p>\n<p>Cerramientos de aluminio con grandes marcas del sector<span>\u00a0<\/span><strong>C3 SYSTEM<\/strong><span>\u00a0<\/span>o<span>\u00a0<\/span><strong>ALUVAL<\/strong><span>\u00a0<\/span>entre otros.<\/p>[\/et_pb_text][\/et_pb_column][\/et_pb_row][et_pb_row _builder_version=\u00bb4.20.4&#8243; _module_preset=\u00bbdefault\u00bb global_colors_info=\u00bb{}\u00bb][et_pb_column type=\u00bb4_4&#8243; _builder_version=\u00bb4.20.4&#8243; _module_preset=\u00bbdefault\u00bb global_colors_info=\u00bb{}\u00bb][et_pb_gallery gallery_ids=\u00bb1382,1381,1371,1372,2590,2591&#8243; show_title_and_caption=\u00bboff\u00bb _builder_version=\u00bb4.21.0&#8243; _module_preset=\u00bbdefault\u00bb global_colors_info=\u00bb{}\u00bb][\/et_pb_gallery][et_pb_divider _builder_version=\u00bb4.20.4&#8243; _module_preset=\u00bbdefault\u00bb custom_margin=\u00bb95px||44px|||\u00bb global_colors_info=\u00bb{}\u00bb][\/et_pb_divider][et_pb_text _builder_version=\u00bb4.20.4&#8243; _module_preset=\u00bbdefault\u00bb global_colors_info=\u00bb{}\u00bb]<h3>Barandillas y Pasamanos<\/h3>\n<p>&nbsp;<\/p>[\/et_pb_text][et_pb_gallery gallery_ids=\u00bb2445,2446,2440,2447,2439,2444,2441,2443,2442,2557,2559&#8243; show_title_and_caption=\u00bboff\u00bb _builder_version=\u00bb4.21.0&#8243; _module_preset=\u00bbdefault\u00bb global_colors_info=\u00bb{}\u00bb][\/et_pb_gallery][et_pb_divider _builder_version=\u00bb4.20.4&#8243; _module_preset=\u00bbdefault\u00bb custom_margin=\u00bb95px|||||\u00bb global_colors_info=\u00bb{}\u00bb][\/et_pb_divider][et_pb_text _builder_version=\u00bb4.20.4&#8243; _module_preset=\u00bbdefault\u00bb global_colors_info=\u00bb{}\u00bb]<h3>Rejas extensibles y fijas<\/h3>\n<p>&nbsp;<\/p>[\/et_pb_text][et_pb_gallery gallery_ids=\u00bb2470,2473,2471,2469,2472&#8243; show_title_and_caption=\u00bboff\u00bb _builder_version=\u00bb4.21.0&#8243; _module_preset=\u00bbdefault\u00bb global_colors_info=\u00bb{}\u00bb][\/et_pb_gallery][et_pb_divider _builder_version=\u00bb4.20.4&#8243; _module_preset=\u00bbdefault\u00bb custom_margin=\u00bb95px|||||\u00bb global_colors_info=\u00bb{}\u00bb][\/et_pb_divider][et_pb_text _builder_version=\u00bb4.21.0&#8243; _module_preset=\u00bbdefault\u00bb global_colors_info=\u00bb{}\u00bb]<h3>Carpinter\u00eda de PVC<\/h3>\n<p>&nbsp;<\/p>[\/et_pb_text][et_pb_gallery gallery_ids=\u00bb2578,2579,2580,2583,2581,2587,2586,2585,2584,2576&#8243; show_title_and_caption=\u00bboff\u00bb _builder_version=\u00bb4.21.0&#8243; _module_preset=\u00bbdefault\u00bb global_colors_info=\u00bb{}\u00bb][\/et_pb_gallery][\/et_pb_column][\/et_pb_row][\/et_pb_section]\n","protected":false},"excerpt":{"rendered":"<p>Trabajos realizados\u00a0 &nbsp; En Grupo Herrera te ofrecemos un\u00a0trabajo integral y totalmente personalizado, adecuado a tus necesidades y presupuesto. Disponemos de\u00a0arquitecto\u00a0para realizar cualquier proyecto o reforma, as\u00ed como de\u00a0personal cualificado\u00a0en diferentes profesiones, con una gran experiencia en cada oficio,\u00a0alba\u00f1iler\u00eda, fontaner\u00eda, cerrajer\u00eda met\u00e1lica. Nuestro gran reto es ofrecer\u00a0calidad y servicio al mejor precio\u00a0y con una atenci\u00f3n [&hellip;]<\/p>\n","protected":false},"author":4,"featured_media":0,"parent":0,"menu_order":0,"comment_status":"closed","ping_status":"closed","template":"","meta":{"_et_pb_use_builder":"on","_et_pb_old_content":"<!-- wp:fl-builder\/layout -->\n<p>En Grupo Herrera te ofrecemos un<strong> trabajo integral y totalmente personalizado, adecuando tus necesidades y presupuesto.<\/strong><\/p>\n<p>Disponemos de <strong>arquitecto<\/strong> para realizar cualquier proyecto o reforma, as\u00ed como de <strong>personal cualificado<\/strong> en diferentes profesiones con una gran experiencia en cada oficio, <strong>alba\u00f1iler\u00eda , fontaner\u00eda, cerrajer\u00eda met\u00e1lica.<\/strong><\/p>\n<p>Nuestro gran reto es ofrecer <strong>calidad y servicio al mejor precio<\/strong> y con una atenci\u00f3n personalizada.<\/p>\n<p>Trabajamos con grandes marcas en PVC como <strong>K\u00d6MMERLING<\/strong> O <strong>SALAMANDER<\/strong> entre otras.<\/p>\n<hr>\n<h3>Reformas Integrales<\/h3>\nEn platos de ducha y mamparas con marcas tan reconocidas como <strong>PROFILTEK<\/strong> O <strong>PORCELANOSA<\/strong><br>\n[gallery link=\"file\" size=\"large\" ids=\"1387,1386,1385,1384,1383,1374\"]\n<hr>\n<h3>Puertas parking<\/h3>\nEn Puertas seccionales ,met\u00e1licas, para comercio o garaje, automatismos ,disponemos de las prestigiosas marcas de <strong>RUTALCHI<\/strong> as\u00ed como <strong>H\u00d6RMANN<\/strong>.<br>\n[gallery link=\"file\" columns=\"4\" size=\"large\" ids=\"1380,1379,1377,1375\"]\n<hr>\n<h3>Verjas, vallas perimetrales<\/h3>\nVallado de fincas en <strong>diferentes materiales<\/strong>, plastificadas, galvanizadas a precios muy competitivos.<br>\n[gallery link=\"file\" size=\"large\" ids=\"1376,1373,1378\"]\n<hr>\n<h3>Porches, estructuras, naves industriales<\/h3>\nCerramientos de aluminio con grandes marcas del sector <strong>C3 SYSTEM<\/strong> o <strong>ALUVAL<\/strong> entre otros.<br>\n[gallery link=\"file\" size=\"large\" columns=\"4\" ids=\"1382,1381,1372,1371\"]\n<p><strong>Cortinas de cristal de fabricaci\u00f3n propia<\/strong> a&nbsp; medida con montaje limpio y profesional.<\/p>\n<!-- \/wp:fl-builder\/layout -->","_et_gb_content_width":"","_joinchat":[],"footnotes":""},"class_list":["post-341","page","type-page","status-publish","hentry"],"yoast_head":"<!-- This site is optimized with the Yoast SEO plugin v27.4 - https:\/\/yoast.com\/product\/yoast-seo-wordpress\/ -->\n<title>Grupo Herrera ofrece un trabajo integral y personalizado<\/title>\n<meta name=\"description\" content=\"Grupo Herrera tiene un personal cualificado y ofrece calidad, servicio y un trabajo totalmente personalizado en todos sus trabajos realizados\" \/>\n<meta name=\"robots\" content=\"index, follow, max-snippet:-1, max-image-preview:large, max-video-preview:-1\" \/>\n<link rel=\"canonical\" href=\"https:\/\/grupoherrera.es\/carpinteria-metalica\/trabajos-realizados\/\" \/>\n<meta property=\"og:locale\" content=\"es_ES\" \/>\n<meta property=\"og:type\" content=\"article\" \/>\n<meta property=\"og:title\" content=\"Grupo Herrera ofrece un trabajo integral y personalizado\" \/>\n<meta property=\"og:description\" content=\"Grupo Herrera tiene un personal cualificado y ofrece calidad, servicio y un trabajo totalmente personalizado en todos sus trabajos realizados\" \/>\n<meta property=\"og:url\" content=\"https:\/\/grupoherrera.es\/carpinteria-metalica\/trabajos-realizados\/\" \/>\n<meta property=\"og:site_name\" content=\"Grupo Herrera\" \/>\n<meta property=\"article:modified_time\" content=\"2024-05-06T09:53:08+00:00\" \/>\n<meta name=\"twitter:card\" content=\"summary_large_image\" \/>\n<meta name=\"twitter:label1\" content=\"Tiempo de lectura\" \/>\n\t<meta name=\"twitter:data1\" content=\"19 minutos\" \/>\n<script type=\"application\/ld+json\" class=\"yoast-schema-graph\">{\"@context\":\"https:\\\/\\\/schema.org\",\"@graph\":[{\"@type\":\"WebPage\",\"@id\":\"https:\\\/\\\/grupoherrera.es\\\/carpinteria-metalica\\\/trabajos-realizados\\\/\",\"url\":\"https:\\\/\\\/grupoherrera.es\\\/carpinteria-metalica\\\/trabajos-realizados\\\/\",\"name\":\"Grupo Herrera ofrece un trabajo integral y personalizado\",\"isPartOf\":{\"@id\":\"https:\\\/\\\/grupoherrera.es\\\/carpinteria-metalica\\\/#website\"},\"datePublished\":\"2017-03-14T02:54:02+00:00\",\"dateModified\":\"2024-05-06T09:53:08+00:00\",\"description\":\"Grupo Herrera tiene un personal cualificado y ofrece calidad, servicio y un trabajo totalmente personalizado en todos sus trabajos realizados\",\"breadcrumb\":{\"@id\":\"https:\\\/\\\/grupoherrera.es\\\/carpinteria-metalica\\\/trabajos-realizados\\\/#breadcrumb\"},\"inLanguage\":\"es\",\"potentialAction\":[{\"@type\":\"ReadAction\",\"target\":[\"https:\\\/\\\/grupoherrera.es\\\/carpinteria-metalica\\\/trabajos-realizados\\\/\"]}]},{\"@type\":\"BreadcrumbList\",\"@id\":\"https:\\\/\\\/grupoherrera.es\\\/carpinteria-metalica\\\/trabajos-realizados\\\/#breadcrumb\",\"itemListElement\":[{\"@type\":\"ListItem\",\"position\":1,\"name\":\"Portada\",\"item\":\"https:\\\/\\\/grupoherrera.es\\\/carpinteria-metalica\\\/\"},{\"@type\":\"ListItem\",\"position\":2,\"name\":\"Trabajos realizados\"}]},{\"@type\":\"WebSite\",\"@id\":\"https:\\\/\\\/grupoherrera.es\\\/carpinteria-metalica\\\/#website\",\"url\":\"https:\\\/\\\/grupoherrera.es\\\/carpinteria-metalica\\\/\",\"name\":\"Grupo Herrera\",\"description\":\"Grupo Herrera. Especialistas en casas modulares a medida\",\"publisher\":{\"@id\":\"https:\\\/\\\/grupoherrera.es\\\/carpinteria-metalica\\\/#organization\"},\"potentialAction\":[{\"@type\":\"SearchAction\",\"target\":{\"@type\":\"EntryPoint\",\"urlTemplate\":\"https:\\\/\\\/grupoherrera.es\\\/carpinteria-metalica\\\/?s={search_term_string}\"},\"query-input\":{\"@type\":\"PropertyValueSpecification\",\"valueRequired\":true,\"valueName\":\"search_term_string\"}}],\"inLanguage\":\"es\"},{\"@type\":\"Organization\",\"@id\":\"https:\\\/\\\/grupoherrera.es\\\/carpinteria-metalica\\\/#organization\",\"name\":\"Grupo Herrera\",\"url\":\"https:\\\/\\\/grupoherrera.es\\\/carpinteria-metalica\\\/\",\"logo\":{\"@type\":\"ImageObject\",\"inLanguage\":\"es\",\"@id\":\"https:\\\/\\\/grupoherrera.es\\\/carpinteria-metalica\\\/#\\\/schema\\\/logo\\\/image\\\/\",\"url\":\"https:\\\/\\\/grupoherrera.es\\\/carpinteria-metalica\\\/wp-content\\\/uploads\\\/2021\\\/10\\\/cropped-LOGO-GRUPO-HERRERA-vs2-1.png\",\"contentUrl\":\"https:\\\/\\\/grupoherrera.es\\\/carpinteria-metalica\\\/wp-content\\\/uploads\\\/2021\\\/10\\\/cropped-LOGO-GRUPO-HERRERA-vs2-1.png\",\"width\":1098,\"height\":375,\"caption\":\"Grupo Herrera\"},\"image\":{\"@id\":\"https:\\\/\\\/grupoherrera.es\\\/carpinteria-metalica\\\/#\\\/schema\\\/logo\\\/image\\\/\"}}]}<\/script>\n<!-- \/ Yoast SEO plugin. -->","yoast_head_json":{"title":"Grupo Herrera ofrece un trabajo integral y personalizado","description":"Grupo Herrera tiene un personal cualificado y ofrece calidad, servicio y un trabajo totalmente personalizado en todos sus trabajos realizados","robots":{"index":"index","follow":"follow","max-snippet":"max-snippet:-1","max-image-preview":"max-image-preview:large","max-video-preview":"max-video-preview:-1"},"canonical":"https:\/\/grupoherrera.es\/carpinteria-metalica\/trabajos-realizados\/","og_locale":"es_ES","og_type":"article","og_title":"Grupo Herrera ofrece un trabajo integral y personalizado","og_description":"Grupo Herrera tiene un personal cualificado y ofrece calidad, servicio y un trabajo totalmente personalizado en todos sus trabajos realizados","og_url":"https:\/\/grupoherrera.es\/carpinteria-metalica\/trabajos-realizados\/","og_site_name":"Grupo Herrera","article_modified_time":"2024-05-06T09:53:08+00:00","twitter_card":"summary_large_image","twitter_misc":{"Tiempo de lectura":"19 minutos"},"schema":{"@context":"https:\/\/schema.org","@graph":[{"@type":"WebPage","@id":"https:\/\/grupoherrera.es\/carpinteria-metalica\/trabajos-realizados\/","url":"https:\/\/grupoherrera.es\/carpinteria-metalica\/trabajos-realizados\/","name":"Grupo Herrera ofrece un trabajo integral y personalizado","isPartOf":{"@id":"https:\/\/grupoherrera.es\/carpinteria-metalica\/#website"},"datePublished":"2017-03-14T02:54:02+00:00","dateModified":"2024-05-06T09:53:08+00:00","description":"Grupo Herrera tiene un personal cualificado y ofrece calidad, servicio y un trabajo totalmente personalizado en todos sus trabajos realizados","breadcrumb":{"@id":"https:\/\/grupoherrera.es\/carpinteria-metalica\/trabajos-realizados\/#breadcrumb"},"inLanguage":"es","potentialAction":[{"@type":"ReadAction","target":["https:\/\/grupoherrera.es\/carpinteria-metalica\/trabajos-realizados\/"]}]},{"@type":"BreadcrumbList","@id":"https:\/\/grupoherrera.es\/carpinteria-metalica\/trabajos-realizados\/#breadcrumb","itemListElement":[{"@type":"ListItem","position":1,"name":"Portada","item":"https:\/\/grupoherrera.es\/carpinteria-metalica\/"},{"@type":"ListItem","position":2,"name":"Trabajos realizados"}]},{"@type":"WebSite","@id":"https:\/\/grupoherrera.es\/carpinteria-metalica\/#website","url":"https:\/\/grupoherrera.es\/carpinteria-metalica\/","name":"Grupo Herrera","description":"Grupo Herrera. Especialistas en casas modulares a medida","publisher":{"@id":"https:\/\/grupoherrera.es\/carpinteria-metalica\/#organization"},"potentialAction":[{"@type":"SearchAction","target":{"@type":"EntryPoint","urlTemplate":"https:\/\/grupoherrera.es\/carpinteria-metalica\/?s={search_term_string}"},"query-input":{"@type":"PropertyValueSpecification","valueRequired":true,"valueName":"search_term_string"}}],"inLanguage":"es"},{"@type":"Organization","@id":"https:\/\/grupoherrera.es\/carpinteria-metalica\/#organization","name":"Grupo Herrera","url":"https:\/\/grupoherrera.es\/carpinteria-metalica\/","logo":{"@type":"ImageObject","inLanguage":"es","@id":"https:\/\/grupoherrera.es\/carpinteria-metalica\/#\/schema\/logo\/image\/","url":"https:\/\/grupoherrera.es\/carpinteria-metalica\/wp-content\/uploads\/2021\/10\/cropped-LOGO-GRUPO-HERRERA-vs2-1.png","contentUrl":"https:\/\/grupoherrera.es\/carpinteria-metalica\/wp-content\/uploads\/2021\/10\/cropped-LOGO-GRUPO-HERRERA-vs2-1.png","width":1098,"height":375,"caption":"Grupo Herrera"},"image":{"@id":"https:\/\/grupoherrera.es\/carpinteria-metalica\/#\/schema\/logo\/image\/"}}]}},"_links":{"self":[{"href":"https:\/\/grupoherrera.es\/carpinteria-metalica\/wp-json\/wp\/v2\/pages\/341","targetHints":{"allow":["GET"]}}],"collection":[{"href":"https:\/\/grupoherrera.es\/carpinteria-metalica\/wp-json\/wp\/v2\/pages"}],"about":[{"href":"https:\/\/grupoherrera.es\/carpinteria-metalica\/wp-json\/wp\/v2\/types\/page"}],"author":[{"embeddable":true,"href":"https:\/\/grupoherrera.es\/carpinteria-metalica\/wp-json\/wp\/v2\/users\/4"}],"replies":[{"embeddable":true,"href":"https:\/\/grupoherrera.es\/carpinteria-metalica\/wp-json\/wp\/v2\/comments?post=341"}],"version-history":[{"count":34,"href":"https:\/\/grupoherrera.es\/carpinteria-metalica\/wp-json\/wp\/v2\/pages\/341\/revisions"}],"predecessor-version":[{"id":3054,"href":"https:\/\/grupoherrera.es\/carpinteria-metalica\/wp-json\/wp\/v2\/pages\/341\/revisions\/3054"}],"wp:attachment":[{"href":"https:\/\/grupoherrera.es\/carpinteria-metalica\/wp-json\/wp\/v2\/media?parent=341"}],"curies":[{"name":"wp","href":"https:\/\/api.w.org\/{rel}","templated":true}]}}