{"id":1002,"date":"2020-10-18T18:11:18","date_gmt":"2020-10-18T18:11:18","guid":{"rendered":"http:\/\/www.grupoherrera.es\/ventanas-oscilobatientes-copy-2\/"},"modified":"2024-05-06T09:51:24","modified_gmt":"2024-05-06T09:51:24","slug":"ventanas-oscilobatientes","status":"publish","type":"page","link":"https:\/\/grupoherrera.es\/carpinteria-metalica\/ventanas-oscilobatientes\/","title":{"rendered":"Ventanas Oscilobatientes"},"content":{"rendered":"\n[et_pb_section fb_built=\u00bb1&#8243; _builder_version=\u00bb4.25.0&#8243; background_color=\u00bb#dd1c1c\u00bb custom_padding=\u00bb0px||0px|||\u00bb hover_enabled=\u00bb0&#8243; global_colors_info=\u00bb{}\u00bb module_class=\u00bbfranjaroja\u00bb sticky_enabled=\u00bb0&#8243;][et_pb_row _builder_version=\u00bb4.16&#8243; background_size=\u00bbinitial\u00bb background_position=\u00bbtop_left\u00bb background_repeat=\u00bbrepeat\u00bb global_colors_info=\u00bb{}\u00bb][et_pb_column type=\u00bb4_4&#8243; _builder_version=\u00bb4.16&#8243; custom_padding=\u00bb|||\u00bb global_colors_info=\u00bb{}\u00bb custom_padding__hover=\u00bb|||\u00bb][et_pb_text _builder_version=\u00bb4.20.4&#8243; _module_preset=\u00bbdefault\u00bb global_colors_info=\u00bb{}\u00bb]<div class=\"fl-module fl-module-heading fl-node-5f9f0bb42ac66\" data-node=\"5f9f0bb42ac66\">\n<div class=\"fl-module-content fl-node-content\"><\/div>\n<\/div>\n<div class=\"fl-col-group fl-node-5f9f0bb42ac67 fl-col-group-nested\" data-node=\"5f9f0bb42ac67\">\n<div class=\"fl-col fl-node-5f9f0bb42ac68\" data-node=\"5f9f0bb42ac68\">\n<div class=\"fl-col-content fl-node-content\">\n<div class=\"fl-module fl-module-rich-text fl-node-5f9f0bb42ac69\" data-node=\"5f9f0bb42ac69\">\n<div class=\"fl-module-content fl-node-content\">\n<div class=\"fl-rich-text\"><\/div>\n<\/div>\n<\/div>\n<\/div>\n<\/div>\n<\/div>\n<div class=\"fl-module fl-module-heading fl-node-5f9f0bb42ac66\" data-node=\"5f9f0bb42ac66\">\n<div class=\"fl-module-content fl-node-content\">\n<h1 class=\"fl-heading\"><span class=\"fl-heading-text\" style=\"color: #ffffff;\">VENTANAS OSCILOBATIENTES\u00a0<\/span><\/h1>\n<\/div>\n<\/div>\n<div class=\"fl-col-group fl-node-5f9f0bb42ac67 fl-col-group-nested\" data-node=\"5f9f0bb42ac67\">\n<div class=\"fl-col fl-node-5f9f0bb42ac68\" data-node=\"5f9f0bb42ac68\">\n<div class=\"fl-col-content fl-node-content\">\n<div class=\"fl-module fl-module-rich-text fl-node-5f9f0bb42ac69\" data-node=\"5f9f0bb42ac69\">\n<div class=\"fl-module-content fl-node-content\">\n<div class=\"fl-rich-text\">\n<p><span style=\"color: #ffffff;\"><span>Ventanas abatibles robustas de PVC que dan la sensaci\u00f3n de ser met\u00e1licas<\/span>s<\/span><\/p>\n<\/div>\n<\/div>\n<\/div>\n<\/div>\n<\/div>\n<\/div>[\/et_pb_text][\/et_pb_column][\/et_pb_row][\/et_pb_section][et_pb_section fb_built=\u00bb1&#8243; _builder_version=\u00bb4.20.4&#8243; _module_preset=\u00bbdefault\u00bb global_colors_info=\u00bb{}\u00bb][et_pb_row column_structure=\u00bb1_2,1_2&#8243; _builder_version=\u00bb4.20.4&#8243; _module_preset=\u00bbdefault\u00bb global_colors_info=\u00bb{}\u00bb][et_pb_column type=\u00bb1_2&#8243; _builder_version=\u00bb4.20.4&#8243; _module_preset=\u00bbdefault\u00bb global_colors_info=\u00bb{}\u00bb][et_pb_text _builder_version=\u00bb4.20.4&#8243; _module_preset=\u00bbdefault\u00bb global_colors_info=\u00bb{}\u00bb]<h3>CARACTER\u00cdSTICAS DE LAS VENTANAS ABATIBLES Y OSCILOBATIENTES<\/h3>\n<p>&nbsp;<\/p>\n<p>Las ventanas abatibles se conforman con una apertura horizontal de 180\u00ba y las oscilobatientes complementan esta abertura con una vertical de 45\u00ba aproximadamente.<\/p>\n<p>Gracias a este dise\u00f1o y funcionalidad, las ventanas oscilobatientes\u00a0<strong>se adaptan a casi cualquier espacio<\/strong>\u00a0y junto con su cierre herm\u00e9tico la convierte en la ventana estrella en aislamiento y eficiencia.<\/p>\n<p>La estructura de esta ventana la hace muy segura y resistente, y sin perder la flexibilidad que le otorga su doble bisagra, la cual permite una abertura vertical m\u00ednima para ventilar la estancia sin perder la seguridad de la misma (evita la intrusi\u00f3n)<\/p>[\/et_pb_text][\/et_pb_column][et_pb_column type=\u00bb1_2&#8243; _builder_version=\u00bb4.20.4&#8243; _module_preset=\u00bbdefault\u00bb global_colors_info=\u00bb{}\u00bb][et_pb_slider _builder_version=\u00bb4.20.4&#8243; _module_preset=\u00bbdefault\u00bb background_color=\u00bb#FFFFFF\u00bb global_colors_info=\u00bb{}\u00bb][et_pb_slide image=\u00bbhttps:\/\/grupoherrera.es\/carpinteria-metalica\/wp-content\/uploads\/2020\/10\/ventanas-abatibles-1.jpg\u00bb use_bg_overlay=\u00bboff\u00bb use_text_overlay=\u00bboff\u00bb _builder_version=\u00bb4.20.4&#8243; _module_preset=\u00bbdefault\u00bb global_colors_info=\u00bb{}\u00bb sticky_transition=\u00bbon\u00bb][\/et_pb_slide][et_pb_slide image=\u00bbhttps:\/\/grupoherrera.es\/carpinteria-metalica\/wp-content\/uploads\/2020\/10\/ventanas-oscilobatientes-5.jpg\u00bb use_bg_overlay=\u00bboff\u00bb use_text_overlay=\u00bboff\u00bb _builder_version=\u00bb4.20.4&#8243; _module_preset=\u00bbdefault\u00bb global_colors_info=\u00bb{}\u00bb sticky_transition=\u00bbon\u00bb][\/et_pb_slide][et_pb_slide image=\u00bbhttps:\/\/grupoherrera.es\/carpinteria-metalica\/wp-content\/uploads\/2020\/10\/ventanas-abatibles-3.jpg\u00bb use_bg_overlay=\u00bboff\u00bb use_text_overlay=\u00bboff\u00bb _builder_version=\u00bb4.20.4&#8243; _module_preset=\u00bbdefault\u00bb global_colors_info=\u00bb{}\u00bb sticky_transition=\u00bbon\u00bb][\/et_pb_slide][et_pb_slide image=\u00bbhttps:\/\/grupoherrera.es\/carpinteria-metalica\/wp-content\/uploads\/2020\/10\/ventanas-abatibles-4.jpg\u00bb use_bg_overlay=\u00bboff\u00bb use_text_overlay=\u00bboff\u00bb _builder_version=\u00bb4.20.4&#8243; _module_preset=\u00bbdefault\u00bb global_colors_info=\u00bb{}\u00bb sticky_transition=\u00bbon\u00bb][\/et_pb_slide][\/et_pb_slider][\/et_pb_column][\/et_pb_row][et_pb_row _builder_version=\u00bb4.20.4&#8243; _module_preset=\u00bbdefault\u00bb custom_margin=\u00bb-35px|auto||auto||\u00bb custom_padding=\u00bb||1px|||\u00bb global_colors_info=\u00bb{}\u00bb][et_pb_column type=\u00bb4_4&#8243; _builder_version=\u00bb4.20.4&#8243; _module_preset=\u00bbdefault\u00bb global_colors_info=\u00bb{}\u00bb][et_pb_button button_text=\u00bbColores y Dise\u00f1os\u00bb _builder_version=\u00bb4.20.4&#8243; _module_preset=\u00bbdefault\u00bb custom_button=\u00bbon\u00bb button_text_color=\u00bb#ffffff\u00bb button_bg_color=\u00bb#dd1c1c\u00bb button_use_icon=\u00bboff\u00bb custom_margin=\u00bb-73px||-1px|||\u00bb custom_padding=\u00bb||4px|||\u00bb global_colors_info=\u00bb{}\u00bb][\/et_pb_button][et_pb_divider _builder_version=\u00bb4.20.4&#8243; _module_preset=\u00bbdefault\u00bb global_colors_info=\u00bb{}\u00bb][\/et_pb_divider][\/et_pb_column][\/et_pb_row][et_pb_row column_structure=\u00bb1_6,1_6,1_6,1_6,1_6,1_6&#8243; _builder_version=\u00bb4.20.4&#8243; _module_preset=\u00bbdefault\u00bb global_colors_info=\u00bb{}\u00bb][et_pb_column type=\u00bb1_6&#8243; _builder_version=\u00bb4.20.4&#8243; _module_preset=\u00bbdefault\u00bb global_colors_info=\u00bb{}\u00bb][et_pb_image src=\u00bbhttps:\/\/grupoherrera.es\/carpinteria-metalica\/wp-content\/uploads\/2020\/10\/ventanas-oscilobatientes-accesorios-madera-52.jpg\u00bb title_text=\u00bbventanas-oscilobatientes-accesorios-madera-52&#8243; _builder_version=\u00bb4.20.4&#8243; _module_preset=\u00bbdefault\u00bb global_colors_info=\u00bb{}\u00bb][\/et_pb_image][et_pb_image src=\u00bbhttps:\/\/grupoherrera.es\/carpinteria-metalica\/wp-content\/uploads\/2020\/10\/color-perfiles-verde-2.jpg\u00bb title_text=\u00bbcolor-perfiles-verde-2&#8243; _builder_version=\u00bb4.20.4&#8243; _module_preset=\u00bbdefault\u00bb global_colors_info=\u00bb{}\u00bb][\/et_pb_image][et_pb_image src=\u00bbhttps:\/\/grupoherrera.es\/carpinteria-metalica\/wp-content\/uploads\/2020\/10\/color-perfiles-gris.jpg\u00bb title_text=\u00bbcolor-perfiles-gris\u00bb _builder_version=\u00bb4.20.4&#8243; _module_preset=\u00bbdefault\u00bb global_colors_info=\u00bb{}\u00bb][\/et_pb_image][\/et_pb_column][et_pb_column type=\u00bb1_6&#8243; _builder_version=\u00bb4.20.4&#8243; _module_preset=\u00bbdefault\u00bb global_colors_info=\u00bb{}\u00bb][et_pb_image src=\u00bbhttps:\/\/grupoherrera.es\/carpinteria-metalica\/wp-content\/uploads\/2020\/10\/ventanas-oscilobatientes-accesorios-madera-4.jpg\u00bb title_text=\u00bbventanas-oscilobatientes-accesorios-madera-4&#8243; _builder_version=\u00bb4.20.4&#8243; _module_preset=\u00bbdefault\u00bb global_colors_info=\u00bb{}\u00bb][\/et_pb_image][et_pb_image src=\u00bbhttps:\/\/grupoherrera.es\/carpinteria-metalica\/wp-content\/uploads\/2020\/10\/color-perfiles-rojo.jpg\u00bb title_text=\u00bbcolor-perfiles-rojo\u00bb _builder_version=\u00bb4.20.4&#8243; _module_preset=\u00bbdefault\u00bb global_colors_info=\u00bb{}\u00bb][\/et_pb_image][et_pb_image src=\u00bbhttps:\/\/grupoherrera.es\/carpinteria-metalica\/wp-content\/uploads\/2020\/10\/color-perfiles-blanco-roto.jpg\u00bb title_text=\u00bbcolor-perfiles-blanco-roto\u00bb _builder_version=\u00bb4.20.4&#8243; _module_preset=\u00bbdefault\u00bb global_colors_info=\u00bb{}\u00bb][\/et_pb_image][\/et_pb_column][et_pb_column type=\u00bb1_6&#8243; _builder_version=\u00bb4.20.4&#8243; _module_preset=\u00bbdefault\u00bb global_colors_info=\u00bb{}\u00bb][et_pb_image src=\u00bbhttps:\/\/grupoherrera.es\/carpinteria-metalica\/wp-content\/uploads\/2020\/10\/ventanas-oscilobatientes-accesorios-madera-3.jpg\u00bb title_text=\u00bbventanas-oscilobatientes-accesorios-madera-3&#8243; _builder_version=\u00bb4.20.4&#8243; _module_preset=\u00bbdefault\u00bb global_colors_info=\u00bb{}\u00bb][\/et_pb_image][et_pb_image src=\u00bbhttps:\/\/grupoherrera.es\/carpinteria-metalica\/wp-content\/uploads\/2020\/10\/color-perfiles-madera-7.jpg\u00bb title_text=\u00bbcolor-perfiles-madera-7&#8243; _builder_version=\u00bb4.20.4&#8243; _module_preset=\u00bbdefault\u00bb global_colors_info=\u00bb{}\u00bb][\/et_pb_image][et_pb_image src=\u00bbhttps:\/\/grupoherrera.es\/carpinteria-metalica\/wp-content\/uploads\/2020\/10\/color-perfiles-azul-acero.jpg\u00bb title_text=\u00bbcolor-perfiles-azul-acero\u00bb _builder_version=\u00bb4.20.4&#8243; _module_preset=\u00bbdefault\u00bb global_colors_info=\u00bb{}\u00bb][\/et_pb_image][\/et_pb_column][et_pb_column type=\u00bb1_6&#8243; _builder_version=\u00bb4.20.4&#8243; _module_preset=\u00bbdefault\u00bb global_colors_info=\u00bb{}\u00bb][et_pb_image src=\u00bbhttps:\/\/grupoherrera.es\/carpinteria-metalica\/wp-content\/uploads\/2020\/10\/ventanas-oscilobatientes-accesorios-madera-1.jpg\u00bb title_text=\u00bbventanas-oscilobatientes-accesorios-madera-1&#8243; _builder_version=\u00bb4.20.4&#8243; _module_preset=\u00bbdefault\u00bb global_colors_info=\u00bb{}\u00bb][\/et_pb_image][et_pb_image src=\u00bbhttps:\/\/grupoherrera.es\/carpinteria-metalica\/wp-content\/uploads\/2020\/10\/color-perfiles-oscuro.jpg\u00bb title_text=\u00bbcolor-perfiles-oscuro\u00bb _builder_version=\u00bb4.20.4&#8243; _module_preset=\u00bbdefault\u00bb global_colors_info=\u00bb{}\u00bb][\/et_pb_image][et_pb_image src=\u00bbhttps:\/\/grupoherrera.es\/carpinteria-metalica\/wp-content\/uploads\/2020\/10\/color-perfiles-azul-brillante.jpg\u00bb title_text=\u00bbcolor-perfiles-azul-brillante\u00bb _builder_version=\u00bb4.20.4&#8243; _module_preset=\u00bbdefault\u00bb global_colors_info=\u00bb{}\u00bb][\/et_pb_image][\/et_pb_column][et_pb_column type=\u00bb1_6&#8243; _builder_version=\u00bb4.20.4&#8243; _module_preset=\u00bbdefault\u00bb global_colors_info=\u00bb{}\u00bb][et_pb_image src=\u00bbhttps:\/\/grupoherrera.es\/carpinteria-metalica\/wp-content\/uploads\/2020\/10\/ventanas-oscilobatientes-accesorios-madera-2.jpg\u00bb title_text=\u00bbventanas-oscilobatientes-accesorios-madera-2&#8243; _builder_version=\u00bb4.20.4&#8243; _module_preset=\u00bbdefault\u00bb global_colors_info=\u00bb{}\u00bb][\/et_pb_image][et_pb_image src=\u00bbhttps:\/\/grupoherrera.es\/carpinteria-metalica\/wp-content\/uploads\/2020\/10\/color-perfiles-madera-6.jpg\u00bb title_text=\u00bbcolor-perfiles-madera-6&#8243; _builder_version=\u00bb4.20.4&#8243; _module_preset=\u00bbdefault\u00bb global_colors_info=\u00bb{}\u00bb][\/et_pb_image][et_pb_image src=\u00bbhttps:\/\/grupoherrera.es\/carpinteria-metalica\/wp-content\/uploads\/2020\/10\/color-perfiles-antracita.jpg\u00bb title_text=\u00bbcolor-perfiles-antracita\u00bb _builder_version=\u00bb4.20.4&#8243; _module_preset=\u00bbdefault\u00bb global_colors_info=\u00bb{}\u00bb][\/et_pb_image][\/et_pb_column][et_pb_column type=\u00bb1_6&#8243; _builder_version=\u00bb4.20.4&#8243; _module_preset=\u00bbdefault\u00bb global_colors_info=\u00bb{}\u00bb][et_pb_image src=\u00bbhttps:\/\/grupoherrera.es\/carpinteria-metalica\/wp-content\/uploads\/2020\/10\/color-perfiles-verde.jpg\u00bb title_text=\u00bbcolor-perfiles-verde\u00bb _builder_version=\u00bb4.20.4&#8243; _module_preset=\u00bbdefault\u00bb global_colors_info=\u00bb{}\u00bb][\/et_pb_image][et_pb_image src=\u00bbhttps:\/\/grupoherrera.es\/carpinteria-metalica\/wp-content\/uploads\/2020\/10\/color-perfiles-crema.jpg\u00bb title_text=\u00bbcolor-perfiles-crema\u00bb _builder_version=\u00bb4.20.4&#8243; _module_preset=\u00bbdefault\u00bb global_colors_info=\u00bb{}\u00bb][\/et_pb_image][et_pb_image src=\u00bbhttps:\/\/grupoherrera.es\/carpinteria-metalica\/wp-content\/uploads\/2020\/10\/color-perfiles-aluminio.jpg\u00bb title_text=\u00bbcolor-perfiles-aluminio\u00bb _builder_version=\u00bb4.20.4&#8243; _module_preset=\u00bbdefault\u00bb global_colors_info=\u00bb{}\u00bb][\/et_pb_image][\/et_pb_column][\/et_pb_row][et_pb_row _builder_version=\u00bb4.20.4&#8243; _module_preset=\u00bbdefault\u00bb global_colors_info=\u00bb{}\u00bb][et_pb_column type=\u00bb4_4&#8243; _builder_version=\u00bb4.20.4&#8243; _module_preset=\u00bbdefault\u00bb global_colors_info=\u00bb{}\u00bb][et_pb_button button_text=\u00bbTipos de perfiles\u00bb _builder_version=\u00bb4.20.4&#8243; _module_preset=\u00bbdefault\u00bb custom_button=\u00bbon\u00bb button_text_color=\u00bb#ffffff\u00bb button_bg_color=\u00bb#dd1c1c\u00bb button_use_icon=\u00bboff\u00bb custom_margin=\u00bb12px||-1px|||\u00bb custom_padding=\u00bb0px||4px|||\u00bb global_colors_info=\u00bb{}\u00bb][\/et_pb_button][et_pb_divider _builder_version=\u00bb4.20.4&#8243; _module_preset=\u00bbdefault\u00bb custom_margin=\u00bb2px|||||\u00bb global_colors_info=\u00bb{}\u00bb][\/et_pb_divider][\/et_pb_column][\/et_pb_row][et_pb_row column_structure=\u00bb1_2,1_2&#8243; _builder_version=\u00bb4.20.4&#8243; _module_preset=\u00bbdefault\u00bb global_colors_info=\u00bb{}\u00bb][et_pb_column type=\u00bb1_2&#8243; _builder_version=\u00bb4.21.0&#8243; _module_preset=\u00bbdefault\u00bb global_colors_info=\u00bb{}\u00bb][et_pb_image src=\u00bbhttps:\/\/grupoherrera.es\/carpinteria-metalica\/wp-content\/uploads\/2023\/06\/2.png\u00bb title_text=\u00bb2&#8243; _builder_version=\u00bb4.21.0&#8243; _module_preset=\u00bbdefault\u00bb custom_margin=\u00bb-2px|||||\u00bb global_colors_info=\u00bb{}\u00bb][\/et_pb_image][et_pb_text _builder_version=\u00bb4.21.0&#8243; _module_preset=\u00bbdefault\u00bb custom_margin=\u00bb0px||5px||false|false\u00bb global_colors_info=\u00bb{}\u00bb]<h1 style=\"text-align: center;\">IZOLA<\/h1>[\/et_pb_text][et_pb_text _builder_version=\u00bb4.21.0&#8243; _module_preset=\u00bbdefault\u00bb background_color=\u00bb#e5e5e5&#8243; custom_padding=\u00bb||60px|2px|false|false\u00bb border_width_all=\u00bb1px\u00bb global_colors_info=\u00bb{}\u00bb]<h5><strong><\/strong><\/h5>\n<h5 style=\"text-align: center;\"><strong>Especificaciones t\u00e9cnicas<\/strong><\/h5>\n<p style=\"text-align: left;\">&#8211; Ancho de montaje 76 mm.<br \/>&#8211; Triple junta.<br \/>&#8211; Aislamiento de 5\/5 c\u00e1maras en marco y hoja respectivamente.<br \/>&#8211; Acristalamiento disponible hasta 48mm.<br \/>&#8211; Extensa gama de perfiles secundarios.<br \/>&#8211; Transmitancia t\u00e9rmica de 1,1 W\/m2K.<br \/>&#8211; Estanqueidad al agua: E1500.<br \/>&#8211; Permeabilidad al aire de CLASE 4.<br \/>&#8211; Resistencia al viento: C5.<br \/>&#8211; Eficiente sistema de estanqueidad de triple junta.<br \/>&#8211; Refuerzo de marco cerrado y de hoja en forma de J.<br \/>&#8211; Clase A (Grosor de paredes exteriores igual o superior a 2,8 mm).<br \/>&#8211; Apto para clima SEVERO (seg\u00fan UNE-EN 12 608).<br \/>&#8211; Uni\u00f3n de marco y hoja HFL.<br \/>&#8211; Travesa\u00f1os soldados.<\/p>[\/et_pb_text][et_pb_button button_url=\u00bbhttps:\/\/grupoherrera.es\/carpinteria-metalica\/wp-content\/uploads\/Izola.pdf\u00bb url_new_window=\u00bbon\u00bb button_text=\u00bbDescargar Manual T\u00e9cnico\u00bb button_alignment=\u00bbcenter\u00bb _builder_version=\u00bb4.21.0&#8243; _module_preset=\u00bbdefault\u00bb custom_button=\u00bbon\u00bb button_text_size=\u00bb15px\u00bb button_text_color=\u00bb#ffffff\u00bb button_bg_color=\u00bb#dd1c1c\u00bb button_border_width=\u00bb0px\u00bb button_icon=\u00bb&#xe092;||divi||400&#8243; custom_margin=\u00bb30px||||false|false\u00bb box_shadow_style=\u00bbpreset4&#8243; global_colors_info=\u00bb{}\u00bb][\/et_pb_button][et_pb_image src=\u00bbhttps:\/\/grupoherrera.es\/carpinteria-metalica\/wp-content\/uploads\/2023\/06\/4.png\u00bb title_text=\u00bb4&#8243; _builder_version=\u00bb4.21.0&#8243; _module_preset=\u00bbdefault\u00bb custom_padding=\u00bb|10px||||\u00bb global_colors_info=\u00bb{}\u00bb][\/et_pb_image][et_pb_text _builder_version=\u00bb4.21.0&#8243; _module_preset=\u00bbdefault\u00bb custom_margin=\u00bb0px||5px||false|false\u00bb global_colors_info=\u00bb{}\u00bb]<h1 style=\"text-align: center;\">SUNON<\/h1>[\/et_pb_text][et_pb_text _builder_version=\u00bb4.21.0&#8243; _module_preset=\u00bbdefault\u00bb background_color=\u00bb#e5e5e5&#8243; custom_padding=\u00bb||119px|2px|false|false\u00bb border_width_all=\u00bb1px\u00bb global_colors_info=\u00bb{}\u00bb]<h5><strong><\/strong><\/h5>\n<h5 style=\"text-align: center;\"><strong>Especificaciones t\u00e9cnicas<\/strong><\/h5>\n<p style=\"text-align: left;\">&#8211; Ancho de montaje 82 mm.<br \/>&#8211; Triple junta.<br \/>&#8211; Aislamiento de 7\/6 c\u00e1maras en marco y hoja respectivamente.<br \/>&#8211; Acristalamiento disponible desde 24mm hasta 52 mm.<br \/>&#8211; Eficiente sistema de estanqueidad de triple junta.<br \/>&#8211; Transmitancia t\u00e9rmica de 1 W\/m2K.<br \/>&#8211; Estanqueidad al agua: E1500.<br \/>&#8211; Permeabilidad al aire de CLASE 4.<br \/>&#8211; Resistencia al viento: C5.<br \/>&#8211; Refuerzo de marco cerrado y de hoja en forma de J.<br \/>&#8211; Clase A (Grosor de las paredes exteriores igual o superior a 2,8 mm).<br \/>&#8211; Apto para clima SEVERO (seg\u00fan UNE-EN 12 608).<\/p>\n<p style=\"text-align: left;\">[\/et_pb_text][et_pb_button button_url=\u00bbhttps:\/\/grupoherrera.es\/carpinteria-metalica\/wp-content\/uploads\/Sunon.pdf\u00bb url_new_window=\u00bbon\u00bb button_text=\u00bbDescargar Manual T\u00e9cnico\u00bb button_alignment=\u00bbcenter\u00bb _builder_version=\u00bb4.21.0&#8243; _module_preset=\u00bbdefault\u00bb custom_button=\u00bbon\u00bb button_text_size=\u00bb15px\u00bb button_text_color=\u00bb#ffffff\u00bb button_bg_color=\u00bb#dd1c1c\u00bb button_border_width=\u00bb0px\u00bb button_icon=\u00bb&#xe092;||divi||400&#8243; custom_margin=\u00bb33px||||false|false\u00bb box_shadow_style=\u00bbpreset4&#8243; global_colors_info=\u00bb{}\u00bb][\/et_pb_button][\/et_pb_column][et_pb_column type=\u00bb1_2&#8243; _builder_version=\u00bb4.20.4&#8243; _module_preset=\u00bbdefault\u00bb global_colors_info=\u00bb{}\u00bb][et_pb_image src=\u00bbhttps:\/\/grupoherrera.es\/carpinteria-metalica\/wp-content\/uploads\/2023\/06\/1.png\u00bb title_text=\u00bb1&#8243; _builder_version=\u00bb4.21.0&#8243; _module_preset=\u00bbdefault\u00bb global_colors_info=\u00bb{}\u00bb][\/et_pb_image][et_pb_text _builder_version=\u00bb4.21.0&#8243; _module_preset=\u00bbdefault\u00bb custom_margin=\u00bb0px||5px||false|false\u00bb global_colors_info=\u00bb{}\u00bb]<h1 style=\"text-align: center;\">KIOM<\/h1>[\/et_pb_text][et_pb_text _builder_version=\u00bb4.21.0&#8243; _module_preset=\u00bbdefault\u00bb background_color=\u00bb#e5e5e5&#8243; custom_padding=\u00bb||116px|2px|false|false\u00bb border_width_all=\u00bb1px\u00bb global_colors_info=\u00bb{}\u00bb]<h5><strong><\/strong><\/h5>\n<h5 style=\"text-align: center;\"><strong>Especificaciones t\u00e9cnicas<\/strong><\/h5>\n<p style=\"text-align: left;\">&#8211; Ancho de montaje 70 mm.<br \/>&#8211; Aislamiento de 6\/6 c\u00e1maras en marco y hoja respectivamente.<br \/>&#8211; Acristalamiento disponible hasta 44 mm.<br \/>&#8211; Transmitancia t\u00e9rmica de 1,3 W\/m2K<br \/>&#8211; Estanqueidad al agua: E1200.<br \/>&#8211; Permeabilidad al aire de CLASE 4.<br \/>&#8211; Resistencia al viento: C5.<br \/>&#8211; Refuerzo de marco cerrado y de hoja en forma de J.<br \/>&#8211; Clase A (Grosor de las paredes exteriores igual o superior a 2,8 mm).<br \/>&#8211; Apto para clima SEVERO (seg\u00fan UNE-EN 12 608).<br \/>&#8211; l\u00edneas rectas.<br \/>&#8211; Nudo central de 112 mm.<\/p>\n<p style=\"text-align: left;\">[\/et_pb_text][et_pb_button button_url=\u00bbhttps:\/\/grupoherrera.es\/carpinteria-metalica\/wp-content\/uploads\/Kiom.pdf\u00bb url_new_window=\u00bbon\u00bb button_text=\u00bbDescargar Manual T\u00e9cnico\u00bb button_alignment=\u00bbcenter\u00bb _builder_version=\u00bb4.21.0&#8243; _module_preset=\u00bbdefault\u00bb custom_button=\u00bbon\u00bb button_text_size=\u00bb15px\u00bb button_text_color=\u00bb#ffffff\u00bb button_bg_color=\u00bb#dd1c1c\u00bb button_border_width=\u00bb0px\u00bb button_icon=\u00bb&#xe092;||divi||400&#8243; custom_margin=\u00bb30px||||false|false\u00bb box_shadow_style=\u00bbpreset4&#8243; global_colors_info=\u00bb{}\u00bb][\/et_pb_button][et_pb_image src=\u00bbhttps:\/\/grupoherrera.es\/carpinteria-metalica\/wp-content\/uploads\/2023\/06\/3.png\u00bb title_text=\u00bb3&#8243; _builder_version=\u00bb4.21.0&#8243; _module_preset=\u00bbdefault\u00bb global_colors_info=\u00bb{}\u00bb][\/et_pb_image][et_pb_text _builder_version=\u00bb4.21.0&#8243; _module_preset=\u00bbdefault\u00bb custom_margin=\u00bb0px||5px||false|false\u00bb global_colors_info=\u00bb{}\u00bb]<h1 style=\"text-align: center;\">NOKTO<\/h1>[\/et_pb_text][et_pb_text _builder_version=\u00bb4.21.0&#8243; _module_preset=\u00bbdefault\u00bb background_color=\u00bb#e5e5e5&#8243; custom_padding=\u00bb||117px|2px|false|false\u00bb border_width_all=\u00bb1px\u00bb global_colors_info=\u00bb{}\u00bb]<h5><strong><\/strong><\/h5>\n<h5 style=\"text-align: center;\"><strong>Especificaciones t\u00e9cnicas<\/strong><\/h5>\n<p style=\"text-align: left;\">&#8211; Ancho de montaje 70 mm.<br \/>&#8211; Aislamiento de 5\/5 c\u00e1maras en marco y hoja respectivamente.<br \/>&#8211; Acristalamiento disponible hasta 42 mm.<br \/>&#8211; Doble junta.<br \/>&#8211; Transmitancia t\u00e9rmica de 1,3 W\/m2K.<br \/>&#8211; Estanqueidad al agua: E1200.<br \/>&#8211; Permeabilidad al aire de CLASE 4.<br \/>&#8211; Resistencia al viento: C5.<br \/>&#8211; Refuerzo de marco cerrado y de hoja en forma de J.<br \/>&#8211; Clase A (Grosor de las paredes exteriores igual o superior a 2,8 mm).<br \/>&#8211; Apto para clima SEVERO (seg\u00fan UNE-EN 12 608).<br \/>&#8211; Travesa\u00f1os soldados.<\/p>\n<p style=\"text-align: left;\">[\/et_pb_text][et_pb_button button_url=\u00bbhttps:\/\/grupoherrera.es\/carpinteria-metalica\/wp-content\/uploads\/Nokto.pdf\u00bb url_new_window=\u00bbon\u00bb button_text=\u00bbDescargar Manual T\u00e9cnico\u00bb button_alignment=\u00bbcenter\u00bb _builder_version=\u00bb4.21.0&#8243; _module_preset=\u00bbdefault\u00bb custom_button=\u00bbon\u00bb button_text_size=\u00bb15px\u00bb button_text_color=\u00bb#ffffff\u00bb button_bg_color=\u00bb#dd1c1c\u00bb button_border_width=\u00bb0px\u00bb button_icon=\u00bb&#xe092;||divi||400&#8243; custom_margin=\u00bb30px||||false|false\u00bb box_shadow_style=\u00bbpreset4&#8243; global_colors_info=\u00bb{}\u00bb][\/et_pb_button][\/et_pb_column][\/et_pb_row][\/et_pb_section]\n","protected":false},"excerpt":{"rendered":"<p>VENTANAS OSCILOBATIENTES\u00a0 Ventanas abatibles robustas de PVC que dan la sensaci\u00f3n de ser met\u00e1licass CARACTER\u00cdSTICAS DE LAS VENTANAS ABATIBLES Y OSCILOBATIENTES &nbsp; Las ventanas abatibles se conforman con una apertura horizontal de 180\u00ba y las oscilobatientes complementan esta abertura con una vertical de 45\u00ba aproximadamente. Gracias a este dise\u00f1o y funcionalidad, las ventanas oscilobatientes\u00a0se adaptan [&hellip;]<\/p>\n","protected":false},"author":4,"featured_media":1029,"parent":0,"menu_order":0,"comment_status":"closed","ping_status":"closed","template":"","meta":{"_et_pb_use_builder":"on","_et_pb_old_content":"<!-- wp:fl-builder\/layout -->\n<h1>\n\t\tOSCILOBATIENTES\n\t<\/h1>\n\t<p>Ventanas abatibles robustas de PVC que dan la sensaci\u00f3n de ser met\u00e1licas<\/p>\n\t<h3>CARACTER\u00cdSTICAS DE LAS VENTANAS ABATIBLES Y OSCILOBATIENTES<\/h3>\n<p>Las ventanas abatibles se conforman con una apertura horizontal de 180\u00ba y las oscilobatientes complementan esta abertura con una vertical de 45\u00ba aproximadamente.<\/p>\n<p>Gracias a este dise\u00f1o y funcionalidad, las ventanas oscilobatientes&nbsp;<strong>se adaptan a casi cualquier espacio<\/strong>&nbsp;y junto con su cierre herm\u00e9tico la convierte en la ventana estrella en aislamiento y eficiencia.<\/p>\n<p>La estructura de esta ventana la hace muy segura y resistente, y sin perder la flexibilidad que le otorga su doble bisagra, la cual permite una abertura vertical m\u00ednima para ventilar la estancia sin perder la seguridad de la misma (evita la intrusi\u00f3n)<\/p>\n\t[metaslider id=\"833\"]\n<h5>\n\t\tColores y Dise\u00f1os\n\t<\/h5>\n\t<hr>\n\t[metaslider id=\"1217\"]\n<h5>\n\t\tTipos de perfiles\n\t<\/h5>\n\t<hr>\n<figure><img src=\"https:\/\/grupoherrera.es\/carpinteria-metalica\/wp-content\/uploads\/2020\/10\/ideal4000.jpg\" alt=\"\"><\/figure>\n<h3>IDEAL 4000<\/h3>\n<p>Es la opci\u00f3n b\u00e1sica de los&nbsp;<strong>perfiles PVC de calidad<\/strong>, pero con una amplia gama de colores que envuelven toda la superficie del PVC, ajust\u00e1ndose a cualquier dise\u00f1o. Tambi\u00e9n est\u00e1n disponibles los&nbsp;<strong>dos tipos de marco<\/strong>&nbsp;para la ventana:&nbsp;<strong>redondeado y recto<\/strong>.<\/p>\n<h4>Especificaciones t\u00e9cnicas<\/h4>\n<figure>\n<table>\n<tbody>\n<tr>\n<td>Tipo perfil<\/td>\n<td data-align=\"right\">Clase B<\/td>\n<\/tr>\n<tr>\n<td>N\u00ba C\u00e1maras<\/td>\n<td data-align=\"right\">5<\/td>\n<\/tr>\n<tr>\n<td>Profunidad perfil<\/td>\n<td data-align=\"right\">70mm<\/td>\n<\/tr>\n<tr>\n<td>Tramitancia<\/td>\n<td data-align=\"right\">1.3<\/td>\n<\/tr>\n<\/tbody>\n<\/table>\n<\/figure>\n<p><a href=\"https:\/\/grupoherrera.es\/carpinteria-metalica\/wp-content\/uploads\/2020\/10\/Manual-tecnico-Ideal-4000-Grupo-Herrera.pdf\" target=\"_blank\" rel=\"noopener noreferrer\">Descargar Manual T\u00e9nico<\/a><\/p>\n<figure><img src=\"https:\/\/grupoherrera.es\/carpinteria-metalica\/wp-content\/uploads\/2020\/10\/ideal8000.jpg\" alt=\"\"><\/figure>\n<h3>IDEAL 8000<\/h3>\n<p>Con el dise\u00f1o y la gama de colores de serie, el modelo Ideal 8000 se presenta como un estandarte en&nbsp;<strong>eficiencia energ\u00e9tica<\/strong>&nbsp;gracias al ancho del perfil que permite&nbsp;<strong>vidrios de hasta 51mm<\/strong>. Como mejora, este modelo permite&nbsp;<strong>ocultar los herrajes.<\/strong><\/p>\n<h4>Especificaciones t\u00e9cnicas<\/h4>\n<figure>\n<table>\n<tbody>\n<tr>\n<td>Tipo perfil<\/td>\n<td data-align=\"right\">Clase B<\/td>\n<\/tr>\n<tr>\n<td>N\u00ba C\u00e1maras<\/td>\n<td data-align=\"right\">6<\/td>\n<\/tr>\n<tr>\n<td>Profunidad perfil<\/td>\n<td data-align=\"right\">85mm<\/td>\n<\/tr>\n<tr>\n<td>Tramitancia<\/td>\n<td data-align=\"right\">0.76<\/td>\n<\/tr>\n<\/tbody>\n<\/table>\n<\/figure>\n<p><a href=\"https:\/\/grupoherrera.es\/carpinteria-metalica\/wp-content\/uploads\/2020\/10\/Manual-tecnico-Ideal-8000-Grupo-Herrera.pdf\" target=\"_blank\" rel=\"noreferrer noopener\" aria-label=\" (se abre en una nueva pesta\u00f1a)\">Descargar Manual T\u00e9nico<\/a><\/p>\n<figure><img src=\"https:\/\/grupoherrera.es\/carpinteria-metalica\/wp-content\/uploads\/2020\/10\/streamline76.jpg\" alt=\"\"><\/figure>\n<h3>STREAMLINE 76<\/h3>\n<p>El perfil&nbsp;<strong>Salamander Streamline 76<\/strong>&nbsp;est\u00e1 disponible en una gran variedad de acabados, destacando el blanco por su&nbsp;<strong>alto brillo<\/strong>. Su superficie es&nbsp;<strong>resistente a las inclemencias del tiempo<\/strong>&nbsp;aportando durabilidad y facilidad de mantenimiento.<\/p>\n<h4>Especificaciones t\u00e9cnicas<\/h4>\n<figure>\n<table>\n<tbody>\n<tr>\n<td>Tipo perfil<\/td>\n<td data-align=\"right\">Clase B<\/td>\n<\/tr>\n<tr>\n<td>N\u00ba C\u00e1maras<\/td>\n<td data-align=\"right\">5<\/td>\n<\/tr>\n<tr>\n<td>Profunidad perfil<\/td>\n<td data-align=\"right\">76mm<\/td>\n<\/tr>\n<tr>\n<td>Tramitancia<\/td>\n<td data-align=\"right\">1.3<\/td>\n<\/tr>\n<\/tbody>\n<\/table>\n<\/figure>\n<p><a href=\"https:\/\/grupoherrera.es\/carpinteria-metalica\/wp-content\/uploads\/2020\/10\/Manual-tecnico-Streamline-76-Grupo-Herrera.pdf\" target=\"_blank\" rel=\"noreferrer noopener\" aria-label=\" (se abre en una nueva pesta\u00f1a)\">Descargar Manual T\u00e9nico<\/a><\/p>\n<figure><img src=\"https:\/\/grupoherrera.es\/carpinteria-metalica\/wp-content\/uploads\/2020\/10\/bluevolution92.jpg\" alt=\"\"><\/figure>\n<h3>BLUEVOLUTION 92<\/h3>\n<p>Este gran perfil de&nbsp;<strong>92mm de ancho<\/strong>&nbsp;garantiza el mejor aislamiento t\u00e9rmico posible. La conjunci\u00f3n del sistema de&nbsp;<strong>marco caliente<\/strong>&nbsp;y un vidrio de tres c\u00e1maras, hacen de este perfil un elemento fundamental en la&nbsp;<strong>construcci\u00f3n pasiva<\/strong>.<\/p>\n<h4>Especificaciones t\u00e9cnicas<\/h4>\n<figure>\n<table>\n<tbody>\n<tr>\n<td>Tipo perfil<\/td>\n<td data-align=\"right\">Clase A<\/td>\n<\/tr>\n<tr>\n<td>N\u00ba C\u00e1maras<\/td>\n<td data-align=\"right\">6<\/td>\n<\/tr>\n<tr>\n<td>Profunidad perfil<\/td>\n<td data-align=\"right\">92mm<\/td>\n<\/tr>\n<tr>\n<td>Tramitancia<\/td>\n<td data-align=\"right\">0.84<\/td>\n<\/tr>\n<\/tbody>\n<\/table>\n<\/figure>\n<p><a href=\"https:\/\/grupoherrera.es\/carpinteria-metalica\/wp-content\/uploads\/2020\/10\/Manual-tecnico-Blue-Evolution-92-Grupo-Herrera.pdf\" target=\"_blank\" rel=\"noreferrer noopener\" aria-label=\" (se abre en una nueva pesta\u00f1a)\">Descargar Manual T\u00e9nico<\/a><\/p>\n<p>&nbsp;<\/p>\n<!-- \/wp:fl-builder\/layout -->","_et_gb_content_width":"","_joinchat":[],"footnotes":""},"class_list":["post-1002","page","type-page","status-publish","has-post-thumbnail","hentry"],"yoast_head":"<!-- This site is optimized with the Yoast SEO plugin v27.4 - https:\/\/yoast.com\/product\/yoast-seo-wordpress\/ -->\n<title>Las ventanas oscilobatientes se adaptan a cualquier espacio<\/title>\n<meta name=\"description\" content=\"Ventanas oscilobatienes seguras y resistentes. Flexibles con una m\u00ednima apertura vertical para ventilar el espacio\" \/>\n<meta name=\"robots\" content=\"index, follow, max-snippet:-1, max-image-preview:large, max-video-preview:-1\" \/>\n<link rel=\"canonical\" href=\"https:\/\/grupoherrera.es\/carpinteria-metalica\/ventanas-oscilobatientes\/\" \/>\n<meta property=\"og:locale\" content=\"es_ES\" \/>\n<meta property=\"og:type\" content=\"article\" \/>\n<meta property=\"og:title\" content=\"Las ventanas oscilobatientes se adaptan a cualquier espacio\" \/>\n<meta property=\"og:description\" content=\"Ventanas oscilobatienes seguras y resistentes. Flexibles con una m\u00ednima apertura vertical para ventilar el espacio\" \/>\n<meta property=\"og:url\" content=\"https:\/\/grupoherrera.es\/carpinteria-metalica\/ventanas-oscilobatientes\/\" \/>\n<meta property=\"og:site_name\" content=\"Grupo Herrera\" \/>\n<meta property=\"article:modified_time\" content=\"2024-05-06T09:51:24+00:00\" \/>\n<meta property=\"og:image\" content=\"https:\/\/grupoherrera.es\/carpinteria-metalica\/wp-content\/uploads\/2020\/10\/ventanas-fijas-galeria-3.jpg\" \/>\n\t<meta property=\"og:image:width\" content=\"535\" \/>\n\t<meta property=\"og:image:height\" content=\"400\" \/>\n\t<meta property=\"og:image:type\" content=\"image\/jpeg\" \/>\n<meta name=\"twitter:card\" content=\"summary_large_image\" \/>\n<meta name=\"twitter:label1\" content=\"Tiempo de lectura\" \/>\n\t<meta name=\"twitter:data1\" content=\"8 minutos\" \/>\n<script type=\"application\/ld+json\" class=\"yoast-schema-graph\">{\"@context\":\"https:\\\/\\\/schema.org\",\"@graph\":[{\"@type\":\"WebPage\",\"@id\":\"https:\\\/\\\/grupoherrera.es\\\/carpinteria-metalica\\\/ventanas-oscilobatientes\\\/\",\"url\":\"https:\\\/\\\/grupoherrera.es\\\/carpinteria-metalica\\\/ventanas-oscilobatientes\\\/\",\"name\":\"Las ventanas oscilobatientes se adaptan a cualquier espacio\",\"isPartOf\":{\"@id\":\"https:\\\/\\\/grupoherrera.es\\\/carpinteria-metalica\\\/#website\"},\"primaryImageOfPage\":{\"@id\":\"https:\\\/\\\/grupoherrera.es\\\/carpinteria-metalica\\\/ventanas-oscilobatientes\\\/#primaryimage\"},\"image\":{\"@id\":\"https:\\\/\\\/grupoherrera.es\\\/carpinteria-metalica\\\/ventanas-oscilobatientes\\\/#primaryimage\"},\"thumbnailUrl\":\"https:\\\/\\\/grupoherrera.es\\\/carpinteria-metalica\\\/wp-content\\\/uploads\\\/2020\\\/10\\\/ventanas-fijas-galeria-3.jpg\",\"datePublished\":\"2020-10-18T18:11:18+00:00\",\"dateModified\":\"2024-05-06T09:51:24+00:00\",\"description\":\"Ventanas oscilobatienes seguras y resistentes. Flexibles con una m\u00ednima apertura vertical para ventilar el espacio\",\"breadcrumb\":{\"@id\":\"https:\\\/\\\/grupoherrera.es\\\/carpinteria-metalica\\\/ventanas-oscilobatientes\\\/#breadcrumb\"},\"inLanguage\":\"es\",\"potentialAction\":[{\"@type\":\"ReadAction\",\"target\":[\"https:\\\/\\\/grupoherrera.es\\\/carpinteria-metalica\\\/ventanas-oscilobatientes\\\/\"]}]},{\"@type\":\"ImageObject\",\"inLanguage\":\"es\",\"@id\":\"https:\\\/\\\/grupoherrera.es\\\/carpinteria-metalica\\\/ventanas-oscilobatientes\\\/#primaryimage\",\"url\":\"https:\\\/\\\/grupoherrera.es\\\/carpinteria-metalica\\\/wp-content\\\/uploads\\\/2020\\\/10\\\/ventanas-fijas-galeria-3.jpg\",\"contentUrl\":\"https:\\\/\\\/grupoherrera.es\\\/carpinteria-metalica\\\/wp-content\\\/uploads\\\/2020\\\/10\\\/ventanas-fijas-galeria-3.jpg\",\"width\":535,\"height\":400,\"caption\":\"ventana\"},{\"@type\":\"BreadcrumbList\",\"@id\":\"https:\\\/\\\/grupoherrera.es\\\/carpinteria-metalica\\\/ventanas-oscilobatientes\\\/#breadcrumb\",\"itemListElement\":[{\"@type\":\"ListItem\",\"position\":1,\"name\":\"Portada\",\"item\":\"https:\\\/\\\/grupoherrera.es\\\/carpinteria-metalica\\\/\"},{\"@type\":\"ListItem\",\"position\":2,\"name\":\"Ventanas Oscilobatientes\"}]},{\"@type\":\"WebSite\",\"@id\":\"https:\\\/\\\/grupoherrera.es\\\/carpinteria-metalica\\\/#website\",\"url\":\"https:\\\/\\\/grupoherrera.es\\\/carpinteria-metalica\\\/\",\"name\":\"Grupo Herrera\",\"description\":\"Grupo Herrera. Especialistas en casas modulares a medida\",\"publisher\":{\"@id\":\"https:\\\/\\\/grupoherrera.es\\\/carpinteria-metalica\\\/#organization\"},\"potentialAction\":[{\"@type\":\"SearchAction\",\"target\":{\"@type\":\"EntryPoint\",\"urlTemplate\":\"https:\\\/\\\/grupoherrera.es\\\/carpinteria-metalica\\\/?s={search_term_string}\"},\"query-input\":{\"@type\":\"PropertyValueSpecification\",\"valueRequired\":true,\"valueName\":\"search_term_string\"}}],\"inLanguage\":\"es\"},{\"@type\":\"Organization\",\"@id\":\"https:\\\/\\\/grupoherrera.es\\\/carpinteria-metalica\\\/#organization\",\"name\":\"Grupo Herrera\",\"url\":\"https:\\\/\\\/grupoherrera.es\\\/carpinteria-metalica\\\/\",\"logo\":{\"@type\":\"ImageObject\",\"inLanguage\":\"es\",\"@id\":\"https:\\\/\\\/grupoherrera.es\\\/carpinteria-metalica\\\/#\\\/schema\\\/logo\\\/image\\\/\",\"url\":\"https:\\\/\\\/grupoherrera.es\\\/carpinteria-metalica\\\/wp-content\\\/uploads\\\/2021\\\/10\\\/cropped-LOGO-GRUPO-HERRERA-vs2-1.png\",\"contentUrl\":\"https:\\\/\\\/grupoherrera.es\\\/carpinteria-metalica\\\/wp-content\\\/uploads\\\/2021\\\/10\\\/cropped-LOGO-GRUPO-HERRERA-vs2-1.png\",\"width\":1098,\"height\":375,\"caption\":\"Grupo Herrera\"},\"image\":{\"@id\":\"https:\\\/\\\/grupoherrera.es\\\/carpinteria-metalica\\\/#\\\/schema\\\/logo\\\/image\\\/\"}}]}<\/script>\n<!-- \/ Yoast SEO plugin. -->","yoast_head_json":{"title":"Las ventanas oscilobatientes se adaptan a cualquier espacio","description":"Ventanas oscilobatienes seguras y resistentes. Flexibles con una m\u00ednima apertura vertical para ventilar el espacio","robots":{"index":"index","follow":"follow","max-snippet":"max-snippet:-1","max-image-preview":"max-image-preview:large","max-video-preview":"max-video-preview:-1"},"canonical":"https:\/\/grupoherrera.es\/carpinteria-metalica\/ventanas-oscilobatientes\/","og_locale":"es_ES","og_type":"article","og_title":"Las ventanas oscilobatientes se adaptan a cualquier espacio","og_description":"Ventanas oscilobatienes seguras y resistentes. Flexibles con una m\u00ednima apertura vertical para ventilar el espacio","og_url":"https:\/\/grupoherrera.es\/carpinteria-metalica\/ventanas-oscilobatientes\/","og_site_name":"Grupo Herrera","article_modified_time":"2024-05-06T09:51:24+00:00","og_image":[{"width":535,"height":400,"url":"https:\/\/grupoherrera.es\/carpinteria-metalica\/wp-content\/uploads\/2020\/10\/ventanas-fijas-galeria-3.jpg","type":"image\/jpeg"}],"twitter_card":"summary_large_image","twitter_misc":{"Tiempo de lectura":"8 minutos"},"schema":{"@context":"https:\/\/schema.org","@graph":[{"@type":"WebPage","@id":"https:\/\/grupoherrera.es\/carpinteria-metalica\/ventanas-oscilobatientes\/","url":"https:\/\/grupoherrera.es\/carpinteria-metalica\/ventanas-oscilobatientes\/","name":"Las ventanas oscilobatientes se adaptan a cualquier espacio","isPartOf":{"@id":"https:\/\/grupoherrera.es\/carpinteria-metalica\/#website"},"primaryImageOfPage":{"@id":"https:\/\/grupoherrera.es\/carpinteria-metalica\/ventanas-oscilobatientes\/#primaryimage"},"image":{"@id":"https:\/\/grupoherrera.es\/carpinteria-metalica\/ventanas-oscilobatientes\/#primaryimage"},"thumbnailUrl":"https:\/\/grupoherrera.es\/carpinteria-metalica\/wp-content\/uploads\/2020\/10\/ventanas-fijas-galeria-3.jpg","datePublished":"2020-10-18T18:11:18+00:00","dateModified":"2024-05-06T09:51:24+00:00","description":"Ventanas oscilobatienes seguras y resistentes. Flexibles con una m\u00ednima apertura vertical para ventilar el espacio","breadcrumb":{"@id":"https:\/\/grupoherrera.es\/carpinteria-metalica\/ventanas-oscilobatientes\/#breadcrumb"},"inLanguage":"es","potentialAction":[{"@type":"ReadAction","target":["https:\/\/grupoherrera.es\/carpinteria-metalica\/ventanas-oscilobatientes\/"]}]},{"@type":"ImageObject","inLanguage":"es","@id":"https:\/\/grupoherrera.es\/carpinteria-metalica\/ventanas-oscilobatientes\/#primaryimage","url":"https:\/\/grupoherrera.es\/carpinteria-metalica\/wp-content\/uploads\/2020\/10\/ventanas-fijas-galeria-3.jpg","contentUrl":"https:\/\/grupoherrera.es\/carpinteria-metalica\/wp-content\/uploads\/2020\/10\/ventanas-fijas-galeria-3.jpg","width":535,"height":400,"caption":"ventana"},{"@type":"BreadcrumbList","@id":"https:\/\/grupoherrera.es\/carpinteria-metalica\/ventanas-oscilobatientes\/#breadcrumb","itemListElement":[{"@type":"ListItem","position":1,"name":"Portada","item":"https:\/\/grupoherrera.es\/carpinteria-metalica\/"},{"@type":"ListItem","position":2,"name":"Ventanas Oscilobatientes"}]},{"@type":"WebSite","@id":"https:\/\/grupoherrera.es\/carpinteria-metalica\/#website","url":"https:\/\/grupoherrera.es\/carpinteria-metalica\/","name":"Grupo Herrera","description":"Grupo Herrera. Especialistas en casas modulares a medida","publisher":{"@id":"https:\/\/grupoherrera.es\/carpinteria-metalica\/#organization"},"potentialAction":[{"@type":"SearchAction","target":{"@type":"EntryPoint","urlTemplate":"https:\/\/grupoherrera.es\/carpinteria-metalica\/?s={search_term_string}"},"query-input":{"@type":"PropertyValueSpecification","valueRequired":true,"valueName":"search_term_string"}}],"inLanguage":"es"},{"@type":"Organization","@id":"https:\/\/grupoherrera.es\/carpinteria-metalica\/#organization","name":"Grupo Herrera","url":"https:\/\/grupoherrera.es\/carpinteria-metalica\/","logo":{"@type":"ImageObject","inLanguage":"es","@id":"https:\/\/grupoherrera.es\/carpinteria-metalica\/#\/schema\/logo\/image\/","url":"https:\/\/grupoherrera.es\/carpinteria-metalica\/wp-content\/uploads\/2021\/10\/cropped-LOGO-GRUPO-HERRERA-vs2-1.png","contentUrl":"https:\/\/grupoherrera.es\/carpinteria-metalica\/wp-content\/uploads\/2021\/10\/cropped-LOGO-GRUPO-HERRERA-vs2-1.png","width":1098,"height":375,"caption":"Grupo Herrera"},"image":{"@id":"https:\/\/grupoherrera.es\/carpinteria-metalica\/#\/schema\/logo\/image\/"}}]}},"_links":{"self":[{"href":"https:\/\/grupoherrera.es\/carpinteria-metalica\/wp-json\/wp\/v2\/pages\/1002","targetHints":{"allow":["GET"]}}],"collection":[{"href":"https:\/\/grupoherrera.es\/carpinteria-metalica\/wp-json\/wp\/v2\/pages"}],"about":[{"href":"https:\/\/grupoherrera.es\/carpinteria-metalica\/wp-json\/wp\/v2\/types\/page"}],"author":[{"embeddable":true,"href":"https:\/\/grupoherrera.es\/carpinteria-metalica\/wp-json\/wp\/v2\/users\/4"}],"replies":[{"embeddable":true,"href":"https:\/\/grupoherrera.es\/carpinteria-metalica\/wp-json\/wp\/v2\/comments?post=1002"}],"version-history":[{"count":21,"href":"https:\/\/grupoherrera.es\/carpinteria-metalica\/wp-json\/wp\/v2\/pages\/1002\/revisions"}],"predecessor-version":[{"id":3051,"href":"https:\/\/grupoherrera.es\/carpinteria-metalica\/wp-json\/wp\/v2\/pages\/1002\/revisions\/3051"}],"wp:featuredmedia":[{"embeddable":true,"href":"https:\/\/grupoherrera.es\/carpinteria-metalica\/wp-json\/wp\/v2\/media\/1029"}],"wp:attachment":[{"href":"https:\/\/grupoherrera.es\/carpinteria-metalica\/wp-json\/wp\/v2\/media?parent=1002"}],"curies":[{"name":"wp","href":"https:\/\/api.w.org\/{rel}","templated":true}]}}